{"id":65,"date":"2015-04-04T01:01:58","date_gmt":"2015-04-03T23:01:58","guid":{"rendered":"http:\/\/impluspro.de\/?page_id=65"},"modified":"2017-06-16T08:44:15","modified_gmt":"2017-06-16T06:44:15","slug":"aktuelles-3","status":"publish","type":"page","link":"https:\/\/impluspro.de\/?page_id=65","title":{"rendered":"Aktuelles"},"content":{"rendered":"<div id=\"pl-65\"  class=\"panel-layout\" ><div id=\"pg-65-0\"  class=\"panel-grid panel-no-style\" ><div id=\"pgc-65-0-0\"  class=\"panel-grid-cell\" ><div id=\"panel-65-0-0-0\" class=\"so-panel widget widget_black-studio-tinymce widget_black_studio_tinymce panel-first-child panel-last-child\" data-index=\"0\" ><h3 class=\"widget-title\">08-06-2017_Feierliche Er\u00f6ffnung des Dienstleistungszentrum der BARMER in G\u00fcstrow<\/h3><div class=\"textwidget\"><p>Das neue Dienstleistungszentrum f\u00fcr ambulante Dienste der BARMER wurde heute feierlich er\u00f6ffnet. Der Neubau wurde bereits im Dezember 2016 fertiggestellt und an die BARMER \u00fcbergeben. Nach Einzug in die neuen R\u00e4ume wurde die Immobilie nun offiziell durch die BARMER er\u00f6ffnet.\u00a0<\/p>\n<\/div><\/div><\/div><div id=\"pgc-65-0-1\"  class=\"panel-grid-cell\" ><div id=\"panel-65-0-1-0\" class=\"so-panel widget widget_sow-image panel-first-child panel-last-child\" data-index=\"1\" ><div\n\t\t\t\n\t\t\tclass=\"so-widget-sow-image so-widget-sow-image-default-8b5b6f678277-65\"\n\t\t\t\n\t\t>\n<div class=\"sow-image-container\">\n\t\t<img \n\tsrc=\"https:\/\/impluspro.de\/wp-content\/uploads\/2017\/06\/IMG_4952_stitch-300x144.jpg\" width=\"300\" height=\"144\" srcset=\"https:\/\/impluspro.de\/wp-content\/uploads\/2017\/06\/IMG_4952_stitch-300x144.jpg 300w, https:\/\/impluspro.de\/wp-content\/uploads\/2017\/06\/IMG_4952_stitch-768x369.jpg 768w, https:\/\/impluspro.de\/wp-content\/uploads\/2017\/06\/IMG_4952_stitch-1024x491.jpg 1024w\" sizes=\"(max-width: 300px) 100vw, 300px\" alt=\"\" \t\tclass=\"so-widget-image\"\/>\n\t<\/div>\n\n<\/div><\/div><\/div><\/div><div id=\"pg-65-1\"  class=\"panel-grid panel-no-style\" ><div id=\"pgc-65-1-0\"  class=\"panel-grid-cell\" ><div id=\"panel-65-1-0-0\" class=\"so-panel widget widget_black-studio-tinymce widget_black_studio_tinymce panel-first-child panel-last-child\" data-index=\"2\" ><h3 class=\"widget-title\">15-12-2016_Fertigstellung und \u00dcbergabe des neuen Dienstleistungszentrums an die BARMER in G\u00fcstrow<\/h3><div class=\"textwidget\"><p>Lediglich 6 1\/2 Monate nach Spatenstich konnte das neue Dienstleistungszentrum mit ca. 2.900 qm Mietfl\u00e4che an die BARMER \u00fcbergeben werden.\u00a0<\/p>\n<\/div><\/div><\/div><div id=\"pgc-65-1-1\"  class=\"panel-grid-cell\" ><div id=\"panel-65-1-1-0\" class=\"so-panel widget widget_sow-image panel-first-child panel-last-child\" data-index=\"3\" ><div\n\t\t\t\n\t\t\tclass=\"so-widget-sow-image so-widget-sow-image-default-8b5b6f678277-65\"\n\t\t\t\n\t\t>\n<div class=\"sow-image-container\">\n\t\t<img \n\tsrc=\"https:\/\/impluspro.de\/wp-content\/uploads\/2015\/04\/IMG_0466a-300x225.jpg\" width=\"300\" height=\"225\" srcset=\"https:\/\/impluspro.de\/wp-content\/uploads\/2015\/04\/IMG_0466a-300x225.jpg 300w, https:\/\/impluspro.de\/wp-content\/uploads\/2015\/04\/IMG_0466a-768x576.jpg 768w, https:\/\/impluspro.de\/wp-content\/uploads\/2015\/04\/IMG_0466a-1024x768.jpg 1024w, https:\/\/impluspro.de\/wp-content\/uploads\/2015\/04\/IMG_0466a-135x100.jpg 135w\" sizes=\"(max-width: 300px) 100vw, 300px\" alt=\"\" \t\tclass=\"so-widget-image\"\/>\n\t<\/div>\n\n<\/div><\/div><\/div><\/div><div id=\"pg-65-2\"  class=\"panel-grid panel-no-style\" ><div id=\"pgc-65-2-0\"  class=\"panel-grid-cell\" ><div id=\"panel-65-2-0-0\" class=\"so-panel widget widget_black-studio-tinymce widget_black_studio_tinymce panel-first-child panel-last-child\" data-index=\"4\" ><h3 class=\"widget-title\">22-07-2016_Neubau eines Dienstleistungszentrum der BARMER-GEK in G\u00fcstrow<\/h3><div class=\"textwidget\"><p style=\"text-align: justify;\">Am 01.06.2016 fand der Spatenstich f\u00fcr das neue Dienstleistungszentrum der BARMER-GEK in G\u00fcstrow statt und heute steht bereits das 1. Obergeschoss an seinem Platz.<\/p>\n<p style=\"text-align: justify;\">Mit Hilfe der Modulbauweise sind solche Baufortschritte zu schaffen. Und w\u00e4hrend das 2. Obergeschoss noch daraufgesetzt wird, erfolgt schon der Innenausbau im Erdgeschoss und 1. Obergeschoss.<\/p>\n<\/div><\/div><\/div><div id=\"pgc-65-2-1\"  class=\"panel-grid-cell\" ><div id=\"panel-65-2-1-0\" class=\"so-panel widget widget_sow-image panel-first-child panel-last-child\" data-index=\"5\" ><div\n\t\t\t\n\t\t\tclass=\"so-widget-sow-image so-widget-sow-image-default-8b5b6f678277-65\"\n\t\t\t\n\t\t>\n<div class=\"sow-image-container\">\n\t\t<img \n\tsrc=\"https:\/\/impluspro.de\/wp-content\/uploads\/2015\/04\/IMG_20160722_130615a-300x169.jpg\" width=\"300\" height=\"169\" srcset=\"https:\/\/impluspro.de\/wp-content\/uploads\/2015\/04\/IMG_20160722_130615a-300x169.jpg 300w, https:\/\/impluspro.de\/wp-content\/uploads\/2015\/04\/IMG_20160722_130615a-768x432.jpg 768w, https:\/\/impluspro.de\/wp-content\/uploads\/2015\/04\/IMG_20160722_130615a-1024x576.jpg 1024w\" sizes=\"(max-width: 300px) 100vw, 300px\" alt=\"\" \t\tclass=\"so-widget-image\"\/>\n\t<\/div>\n\n<\/div><\/div><\/div><\/div><div id=\"pg-65-3\"  class=\"panel-grid panel-no-style\" ><div id=\"pgc-65-3-0\"  class=\"panel-grid-cell\" ><div id=\"panel-65-3-0-0\" class=\"so-panel widget widget_black-studio-tinymce widget_black_studio_tinymce panel-first-child panel-last-child\" data-index=\"6\" ><h3 class=\"widget-title\">19-07-2016_Neubau eines Dienstleistungszentrum der BARMER-GEK in G\u00fcstrow<\/h3><div class=\"textwidget\"><p style=\"text-align: justify;\">Die Modulmontage hat begonnen. Innerhalb von 2 Wochen steht der Rohbau des neuen Dienstleistungszentrums der BARMER-GEK.<\/p>\n<\/div><\/div><\/div><div id=\"pgc-65-3-1\"  class=\"panel-grid-cell\" ><div id=\"panel-65-3-1-0\" class=\"so-panel widget widget_sow-image panel-first-child panel-last-child\" data-index=\"7\" ><div\n\t\t\t\n\t\t\tclass=\"so-widget-sow-image so-widget-sow-image-default-8b5b6f678277-65\"\n\t\t\t\n\t\t>\n<div class=\"sow-image-container\">\n\t\t<img \n\tsrc=\"https:\/\/impluspro.de\/wp-content\/uploads\/2015\/04\/IMG_20160719_082400-300x169.jpg\" width=\"300\" height=\"169\" srcset=\"https:\/\/impluspro.de\/wp-content\/uploads\/2015\/04\/IMG_20160719_082400-300x169.jpg 300w, https:\/\/impluspro.de\/wp-content\/uploads\/2015\/04\/IMG_20160719_082400-768x432.jpg 768w, https:\/\/impluspro.de\/wp-content\/uploads\/2015\/04\/IMG_20160719_082400-1024x576.jpg 1024w, https:\/\/impluspro.de\/wp-content\/uploads\/2015\/04\/IMG_20160719_082400.jpg 1600w\" sizes=\"(max-width: 300px) 100vw, 300px\" alt=\"\" \t\tclass=\"so-widget-image\"\/>\n\t<\/div>\n\n<\/div><\/div><\/div><\/div><div id=\"pg-65-4\"  class=\"panel-grid panel-no-style\" ><div id=\"pgc-65-4-0\"  class=\"panel-grid-cell\" ><div id=\"panel-65-4-0-0\" class=\"so-panel widget widget_black-studio-tinymce widget_black_studio_tinymce panel-first-child panel-last-child\" data-index=\"8\" ><h3 class=\"widget-title\">08-06-2016_Neubau Jobcenter Mansfeld-S\u00fcdharz in Hettstedt<\/h3><div class=\"textwidget\"><p style=\"text-align: justify;\">Das Geb\u00e4ude wurde an den Nutzer - das Jobcenter Mansfeld-S\u00fcdharz - \u00fcbergeben. Neben dem Jobcenter in der Lutherstadt Eisleben ist es ein weiterer Modulbau der Firma Kleusberg. Das Jobcenter Mansfeld-S\u00fcdharz ist nunmehr an 3 Standorten in modernen B\u00fcrogeb\u00e4uden untergebracht.<\/p>\n<\/div><\/div><\/div><div id=\"pgc-65-4-1\"  class=\"panel-grid-cell\" ><div id=\"panel-65-4-1-0\" class=\"so-panel widget widget_sow-image panel-first-child panel-last-child\" data-index=\"9\" ><div\n\t\t\t\n\t\t\tclass=\"so-widget-sow-image so-widget-sow-image-default-8b5b6f678277-65\"\n\t\t\t\n\t\t>\n<div class=\"sow-image-container\">\n\t\t<img \n\tsrc=\"https:\/\/impluspro.de\/wp-content\/uploads\/2016\/06\/IMG_0463_ShiftN_cr-300x190.jpg\" width=\"300\" height=\"190\" srcset=\"https:\/\/impluspro.de\/wp-content\/uploads\/2016\/06\/IMG_0463_ShiftN_cr-300x190.jpg 300w, https:\/\/impluspro.de\/wp-content\/uploads\/2016\/06\/IMG_0463_ShiftN_cr-768x485.jpg 768w, https:\/\/impluspro.de\/wp-content\/uploads\/2016\/06\/IMG_0463_ShiftN_cr.jpg 1024w\" sizes=\"(max-width: 300px) 100vw, 300px\" alt=\"\" \t\tclass=\"so-widget-image\"\/>\n\t<\/div>\n\n<\/div><\/div><\/div><\/div><div id=\"pg-65-5\"  class=\"panel-grid panel-no-style\" ><div id=\"pgc-65-5-0\"  class=\"panel-grid-cell\" ><div id=\"panel-65-5-0-0\" class=\"so-panel widget widget_black-studio-tinymce widget_black_studio_tinymce panel-first-child panel-last-child\" data-index=\"10\" ><h3 class=\"widget-title\">01-06-2016_Spatenstich f\u00fcr ein neues Dienstleistungszentrum der BARMER-GEK in G\u00fcstrow<\/h3><div class=\"textwidget\"><p style=\"text-align: justify;\">In G\u00fcstrow entsteht auf ca. 3.000 m\u00b2 B\u00fcrofl\u00e4che ein neues Dienstleistungszentrum der BARMER-GEK. Am 01.06.2016 erfolgte der erste Spatenstich unter Teilnahme des Wirtschaftsministers von Mecklenburg-Vorpommern, Herrn Harry Glawe, sowie des Landrates des Landkreises Rostock, Herrn Sebastian Constien. Die Fertigstellung des Geb\u00e4udes ist f\u00fcr Ende 2016 geplant.<\/p>\n<\/div><\/div><\/div><div id=\"pgc-65-5-1\"  class=\"panel-grid-cell\" ><div id=\"panel-65-5-1-0\" class=\"so-panel widget widget_sow-image panel-first-child\" data-index=\"11\" ><div\n\t\t\t\n\t\t\tclass=\"so-widget-sow-image so-widget-sow-image-default-8b5b6f678277-65\"\n\t\t\t\n\t\t>\n<div class=\"sow-image-container\">\n\t\t<img \n\tsrc=\"https:\/\/impluspro.de\/wp-content\/uploads\/2015\/04\/Ansicht-300x177.png\" width=\"300\" height=\"177\" srcset=\"https:\/\/impluspro.de\/wp-content\/uploads\/2015\/04\/Ansicht-300x177.png 300w, https:\/\/impluspro.de\/wp-content\/uploads\/2015\/04\/Ansicht-768x454.png 768w, https:\/\/impluspro.de\/wp-content\/uploads\/2015\/04\/Ansicht-1024x605.png 1024w, https:\/\/impluspro.de\/wp-content\/uploads\/2015\/04\/Ansicht.png 1294w\" sizes=\"(max-width: 300px) 100vw, 300px\" alt=\"\" \t\tclass=\"so-widget-image\"\/>\n\t<\/div>\n\n<\/div><\/div><div id=\"panel-65-5-1-1\" class=\"so-panel widget widget_sow-image panel-last-child\" data-index=\"12\" ><div\n\t\t\t\n\t\t\tclass=\"so-widget-sow-image so-widget-sow-image-default-8b5b6f678277-65\"\n\t\t\t\n\t\t>\n<div class=\"sow-image-container\">\n\t\t<img \n\tsrc=\"https:\/\/impluspro.de\/wp-content\/uploads\/2015\/04\/1190-300x225.jpg\" width=\"300\" height=\"225\" srcset=\"https:\/\/impluspro.de\/wp-content\/uploads\/2015\/04\/1190-300x225.jpg 300w, https:\/\/impluspro.de\/wp-content\/uploads\/2015\/04\/1190-768x576.jpg 768w, https:\/\/impluspro.de\/wp-content\/uploads\/2015\/04\/1190-1024x768.jpg 1024w, https:\/\/impluspro.de\/wp-content\/uploads\/2015\/04\/1190-135x100.jpg 135w\" sizes=\"(max-width: 300px) 100vw, 300px\" alt=\"\" \t\tclass=\"so-widget-image\"\/>\n\t<\/div>\n\n<\/div><\/div><\/div><\/div><div id=\"pg-65-6\"  class=\"panel-grid panel-no-style\" ><div id=\"pgc-65-6-0\"  class=\"panel-grid-cell\" ><div id=\"panel-65-6-0-0\" class=\"so-panel widget widget_black-studio-tinymce widget_black_studio_tinymce panel-first-child panel-last-child\" data-index=\"13\" ><h3 class=\"widget-title\">12-05-2016_Neubau Jobcenter Mansfeld-S\u00fcdharz in Hettstedt<\/h3><div class=\"textwidget\"><p style=\"text-align: justify;\">Das Geb\u00e4ude ist fast fertig. Das Ger\u00fcst ist zum gr\u00f6\u00dften Teil bereits abgebaut. Die \u00dcbergabe an den Nutzer wird in ca. 3 Wochen erfolgen.<\/p>\n<\/div><\/div><\/div><div id=\"pgc-65-6-1\"  class=\"panel-grid-cell\" ><div id=\"panel-65-6-1-0\" class=\"so-panel widget widget_sow-image panel-first-child panel-last-child\" data-index=\"14\" ><div\n\t\t\t\n\t\t\tclass=\"so-widget-sow-image so-widget-sow-image-default-8b5b6f678277-65\"\n\t\t\t\n\t\t>\n<div class=\"sow-image-container\">\n\t\t<img \n\tsrc=\"https:\/\/impluspro.de\/wp-content\/uploads\/2015\/04\/IMG_20160512_103109-300x169.jpg\" width=\"300\" height=\"169\" srcset=\"https:\/\/impluspro.de\/wp-content\/uploads\/2015\/04\/IMG_20160512_103109-300x169.jpg 300w, https:\/\/impluspro.de\/wp-content\/uploads\/2015\/04\/IMG_20160512_103109-768x432.jpg 768w, https:\/\/impluspro.de\/wp-content\/uploads\/2015\/04\/IMG_20160512_103109-1024x576.jpg 1024w\" sizes=\"(max-width: 300px) 100vw, 300px\" alt=\"\" \t\tclass=\"so-widget-image\"\/>\n\t<\/div>\n\n<\/div><\/div><\/div><\/div><div id=\"pg-65-7\"  class=\"panel-grid panel-no-style\" ><div id=\"pgc-65-7-0\"  class=\"panel-grid-cell\" ><div id=\"panel-65-7-0-0\" class=\"so-panel widget widget_black-studio-tinymce widget_black_studio_tinymce panel-first-child panel-last-child\" data-index=\"15\" ><h3 class=\"widget-title\">22-02-2016_Neubau Jobcenter Mansfeld-S\u00fcdharz in Hettstedt<\/h3><div class=\"textwidget\"><p style=\"text-align: justify;\">Der Rohbau des neuen Jobcenters ist fertiggestellt. Der Innenausbau hat nun begonnen.<\/p>\n<\/div><\/div><\/div><div id=\"pgc-65-7-1\"  class=\"panel-grid-cell\" ><div id=\"panel-65-7-1-0\" class=\"so-panel widget widget_sow-image panel-first-child\" data-index=\"16\" ><div\n\t\t\t\n\t\t\tclass=\"so-widget-sow-image so-widget-sow-image-default-8b5b6f678277-65\"\n\t\t\t\n\t\t>\n<div class=\"sow-image-container\">\n\t\t<img \n\tsrc=\"https:\/\/impluspro.de\/wp-content\/uploads\/2015\/04\/IMG_0404-300x225.jpg\" width=\"300\" height=\"225\" srcset=\"https:\/\/impluspro.de\/wp-content\/uploads\/2015\/04\/IMG_0404-300x225.jpg 300w, https:\/\/impluspro.de\/wp-content\/uploads\/2015\/04\/IMG_0404-768x576.jpg 768w, https:\/\/impluspro.de\/wp-content\/uploads\/2015\/04\/IMG_0404-1024x768.jpg 1024w, https:\/\/impluspro.de\/wp-content\/uploads\/2015\/04\/IMG_0404-135x100.jpg 135w\" sizes=\"(max-width: 300px) 100vw, 300px\" alt=\"\" \t\tclass=\"so-widget-image\"\/>\n\t<\/div>\n\n<\/div><\/div><div id=\"panel-65-7-1-1\" class=\"so-panel widget widget_sow-image panel-last-child\" data-index=\"17\" ><div\n\t\t\t\n\t\t\tclass=\"so-widget-sow-image so-widget-sow-image-default-8b5b6f678277-65\"\n\t\t\t\n\t\t>\n<div class=\"sow-image-container\">\n\t\t<img \n\tsrc=\"https:\/\/impluspro.de\/wp-content\/uploads\/2015\/04\/IMG_0406_cr-300x225.jpg\" width=\"300\" height=\"225\" srcset=\"https:\/\/impluspro.de\/wp-content\/uploads\/2015\/04\/IMG_0406_cr-300x225.jpg 300w, https:\/\/impluspro.de\/wp-content\/uploads\/2015\/04\/IMG_0406_cr-768x576.jpg 768w, https:\/\/impluspro.de\/wp-content\/uploads\/2015\/04\/IMG_0406_cr-1024x768.jpg 1024w, https:\/\/impluspro.de\/wp-content\/uploads\/2015\/04\/IMG_0406_cr-135x100.jpg 135w, https:\/\/impluspro.de\/wp-content\/uploads\/2015\/04\/IMG_0406_cr.jpg 1986w\" sizes=\"(max-width: 300px) 100vw, 300px\" alt=\"\" \t\tclass=\"so-widget-image\"\/>\n\t<\/div>\n\n<\/div><\/div><\/div><\/div><div id=\"pg-65-8\"  class=\"panel-grid panel-no-style\" ><div id=\"pgc-65-8-0\"  class=\"panel-grid-cell\" ><div id=\"panel-65-8-0-0\" class=\"so-panel widget widget_black-studio-tinymce widget_black_studio_tinymce panel-first-child panel-last-child\" data-index=\"18\" ><h3 class=\"widget-title\">26-01-2016_Neubau Jobcenter Mansfeld-S\u00fcdharz in Hettstedt<\/h3><div class=\"textwidget\"><p style=\"text-align: justify;\">Die Modulmontage hat begonnen. Innerhalb von 14 Tagen wird das Geb\u00e4ude im Rohbau errichtet. Danach beginnt auch schon der Innenausbau.<\/p>\n<\/div><\/div><\/div><div id=\"pgc-65-8-1\"  class=\"panel-grid-cell\" ><div id=\"panel-65-8-1-0\" class=\"so-panel widget widget_sow-image panel-first-child panel-last-child\" data-index=\"19\" ><div\n\t\t\t\n\t\t\tclass=\"so-widget-sow-image so-widget-sow-image-default-8b5b6f678277-65\"\n\t\t\t\n\t\t>\n<div class=\"sow-image-container\">\n\t\t<img \n\tsrc=\"https:\/\/impluspro.de\/wp-content\/uploads\/2015\/04\/IMG_20160126_153410-300x169.jpg\" width=\"300\" height=\"169\" srcset=\"https:\/\/impluspro.de\/wp-content\/uploads\/2015\/04\/IMG_20160126_153410-300x169.jpg 300w, https:\/\/impluspro.de\/wp-content\/uploads\/2015\/04\/IMG_20160126_153410-768x432.jpg 768w, https:\/\/impluspro.de\/wp-content\/uploads\/2015\/04\/IMG_20160126_153410-1024x576.jpg 1024w, https:\/\/impluspro.de\/wp-content\/uploads\/2015\/04\/IMG_20160126_153410.jpg 1600w\" sizes=\"(max-width: 300px) 100vw, 300px\" alt=\"\" \t\tclass=\"so-widget-image\"\/>\n\t<\/div>\n\n<\/div><\/div><\/div><\/div><div id=\"pg-65-9\"  class=\"panel-grid panel-no-style\" ><div id=\"pgc-65-9-0\"  class=\"panel-grid-cell\" ><div id=\"panel-65-9-0-0\" class=\"so-panel widget widget_black-studio-tinymce widget_black_studio_tinymce panel-first-child panel-last-child\" data-index=\"20\" ><h3 class=\"widget-title\">03-11-2015_Neubau Jobcenter Mansfeld-S\u00fcdharz in Hettstedt<\/h3><div class=\"textwidget\"><p style=\"text-align: justify;\">In Hettstedt ensteht ein neues Jobcenter am Freimarkt nach der Planung des Architekturb\u00fcros Richter aus Braunlage.<\/p>\n<\/div><\/div><\/div><div id=\"pgc-65-9-1\"  class=\"panel-grid-cell\" ><div id=\"panel-65-9-1-0\" class=\"so-panel widget widget_sow-image panel-first-child panel-last-child\" data-index=\"21\" ><div\n\t\t\t\n\t\t\tclass=\"so-widget-sow-image so-widget-sow-image-default-8b5b6f678277-65\"\n\t\t\t\n\t\t>\n<div class=\"sow-image-container\">\n\t\t<img \n\tsrc=\"https:\/\/impluspro.de\/wp-content\/uploads\/2015\/04\/hettstedt-300x127.jpg\" width=\"300\" height=\"127\" srcset=\"https:\/\/impluspro.de\/wp-content\/uploads\/2015\/04\/hettstedt-300x127.jpg 300w, https:\/\/impluspro.de\/wp-content\/uploads\/2015\/04\/hettstedt-1024x434.jpg 1024w, https:\/\/impluspro.de\/wp-content\/uploads\/2015\/04\/hettstedt.jpg 1212w\" sizes=\"(max-width: 300px) 100vw, 300px\" alt=\"\" \t\tclass=\"so-widget-image\"\/>\n\t<\/div>\n\n<\/div><\/div><\/div><\/div><div id=\"pg-65-10\"  class=\"panel-grid panel-no-style\" ><div id=\"pgc-65-10-0\"  class=\"panel-grid-cell\" ><div id=\"panel-65-10-0-0\" class=\"so-panel widget widget_black-studio-tinymce widget_black_studio_tinymce panel-first-child panel-last-child\" data-index=\"22\" ><h3 class=\"widget-title\">28-07-2015_Neubau Agentur f\u00fcr Arbeit Dresden<\/h3><div class=\"textwidget\"><p style=\"text-align: justify;\">Das Geb\u00e4ude ist fertiggestellt. Die Agentur f\u00fcr Arbeit hat die neuen R\u00e4ume bezogen und ab dem 28.07.2015 den Dienstbetrieb an der neuen Adresse Henriette-Heber-Str. 6 wieder aufgenommen.<\/p>\n<\/div><\/div><\/div><div id=\"pgc-65-10-1\"  class=\"panel-grid-cell\" ><div id=\"panel-65-10-1-0\" class=\"so-panel widget widget_sow-image panel-first-child panel-last-child\" data-index=\"23\" ><div\n\t\t\t\n\t\t\tclass=\"so-widget-sow-image so-widget-sow-image-default-8b5b6f678277-65\"\n\t\t\t\n\t\t>\n<div class=\"sow-image-container\">\n\t\t<img \n\tsrc=\"https:\/\/impluspro.de\/wp-content\/uploads\/2015\/04\/FullSizeRender-300x225.jpg\" width=\"300\" height=\"225\" srcset=\"https:\/\/impluspro.de\/wp-content\/uploads\/2015\/04\/FullSizeRender-300x225.jpg 300w, https:\/\/impluspro.de\/wp-content\/uploads\/2015\/04\/FullSizeRender-1024x768.jpg 1024w, https:\/\/impluspro.de\/wp-content\/uploads\/2015\/04\/FullSizeRender-135x100.jpg 135w\" sizes=\"(max-width: 300px) 100vw, 300px\" alt=\"\" \t\tclass=\"so-widget-image\"\/>\n\t<\/div>\n\n<\/div><\/div><\/div><\/div><div id=\"pg-65-11\"  class=\"panel-grid panel-no-style\" ><div id=\"pgc-65-11-0\"  class=\"panel-grid-cell\" ><div id=\"panel-65-11-0-0\" class=\"so-panel widget widget_black-studio-tinymce widget_black_studio_tinymce panel-first-child panel-last-child\" data-index=\"24\" ><h3 class=\"widget-title\">29-05-2015_Neubau Agentur f\u00fcr Arbeit Dresden<\/h3><div class=\"textwidget\"><p style=\"text-align: justify;\">Ein weiterer Fassadenabschnitt ist fertiggestellt worden. Hier ist die Farbgestaltung besonders gut zu sehen.<\/p>\n<\/div><\/div><\/div><div id=\"pgc-65-11-1\"  class=\"panel-grid-cell\" ><div id=\"panel-65-11-1-0\" class=\"so-panel widget widget_sow-image panel-first-child panel-last-child\" data-index=\"25\" ><div\n\t\t\t\n\t\t\tclass=\"so-widget-sow-image so-widget-sow-image-default-8b5b6f678277-65\"\n\t\t\t\n\t\t>\n<div class=\"sow-image-container\">\n\t\t<img \n\tsrc=\"https:\/\/impluspro.de\/wp-content\/uploads\/2015\/04\/4376-300x225.jpg\" width=\"300\" height=\"225\" srcset=\"https:\/\/impluspro.de\/wp-content\/uploads\/2015\/04\/4376-300x225.jpg 300w, https:\/\/impluspro.de\/wp-content\/uploads\/2015\/04\/4376-1024x768.jpg 1024w, https:\/\/impluspro.de\/wp-content\/uploads\/2015\/04\/4376-135x100.jpg 135w\" sizes=\"(max-width: 300px) 100vw, 300px\" alt=\"\" \t\tclass=\"so-widget-image\"\/>\n\t<\/div>\n\n<\/div><\/div><\/div><\/div><div id=\"pg-65-12\"  class=\"panel-grid panel-no-style\" ><div id=\"pgc-65-12-0\"  class=\"panel-grid-cell\" ><div id=\"panel-65-12-0-0\" class=\"so-panel widget widget_black-studio-tinymce widget_black_studio_tinymce panel-first-child panel-last-child\" data-index=\"26\" ><h3 class=\"widget-title\">13-05-2015_Neubau Agentur f\u00fcr Arbeit Dresden<\/h3><div class=\"textwidget\"><p style=\"text-align: justify;\">Der zuk\u00fcnftige Speisesaal der Kantine der Agentur f\u00fcr Arbeit.<\/p>\n<\/div><\/div><\/div><div id=\"pgc-65-12-1\"  class=\"panel-grid-cell\" ><div id=\"panel-65-12-1-0\" class=\"so-panel widget widget_sow-image panel-first-child panel-last-child\" data-index=\"27\" ><div\n\t\t\t\n\t\t\tclass=\"so-widget-sow-image so-widget-sow-image-default-8b5b6f678277-65\"\n\t\t\t\n\t\t>\n<div class=\"sow-image-container\">\n\t\t<img \n\tsrc=\"https:\/\/impluspro.de\/wp-content\/uploads\/2015\/04\/4305-300x225.jpg\" width=\"300\" height=\"225\" srcset=\"https:\/\/impluspro.de\/wp-content\/uploads\/2015\/04\/4305-300x225.jpg 300w, https:\/\/impluspro.de\/wp-content\/uploads\/2015\/04\/4305-1024x768.jpg 1024w, https:\/\/impluspro.de\/wp-content\/uploads\/2015\/04\/4305-135x100.jpg 135w\" sizes=\"(max-width: 300px) 100vw, 300px\" alt=\"\" \t\tclass=\"so-widget-image\"\/>\n\t<\/div>\n\n<\/div><\/div><\/div><\/div><div id=\"pg-65-13\"  class=\"panel-grid panel-no-style\" ><div id=\"pgc-65-13-0\"  class=\"panel-grid-cell\" ><div id=\"panel-65-13-0-0\" class=\"so-panel widget widget_black-studio-tinymce widget_black_studio_tinymce panel-first-child panel-last-child\" data-index=\"28\" ><h3 class=\"widget-title\">20-04-2015_Neubau Agentur f\u00fcr Arbeit Dresden<\/h3><div class=\"textwidget\"><p style=\"text-align: justify;\">Der Bau der neuen Arbeitsagentur in Dresden schreitet voran. Inzwischen kann man bereits die farbliche Gestaltung der Fassade erkennen. Die Wahl der Fassadenfarben erfolgte in Abstimmung mit dem Stadtplanungsamt der Stadt Dresden.<\/p>\n<\/div><\/div><\/div><div id=\"pgc-65-13-1\"  class=\"panel-grid-cell\" ><div id=\"panel-65-13-1-0\" class=\"so-panel widget widget_sow-image panel-first-child panel-last-child\" data-index=\"29\" ><div\n\t\t\t\n\t\t\tclass=\"so-widget-sow-image so-widget-sow-image-default-8b5b6f678277-65\"\n\t\t\t\n\t\t>\n<div class=\"sow-image-container\">\n\t\t<img \n\tsrc=\"https:\/\/impluspro.de\/wp-content\/uploads\/2015\/04\/3842-300x225.jpg\" width=\"300\" height=\"225\" srcset=\"https:\/\/impluspro.de\/wp-content\/uploads\/2015\/04\/3842-300x225.jpg 300w, https:\/\/impluspro.de\/wp-content\/uploads\/2015\/04\/3842-1024x768.jpg 1024w, https:\/\/impluspro.de\/wp-content\/uploads\/2015\/04\/3842-135x100.jpg 135w\" sizes=\"(max-width: 300px) 100vw, 300px\" alt=\"\" \t\tclass=\"so-widget-image\"\/>\n\t<\/div>\n\n<\/div><\/div><\/div><\/div><div id=\"pg-65-14\"  class=\"panel-grid panel-no-style\" ><div id=\"pgc-65-14-0\"  class=\"panel-grid-cell\" ><div id=\"panel-65-14-0-0\" class=\"so-panel widget widget_black-studio-tinymce widget_black_studio_tinymce panel-first-child panel-last-child\" data-index=\"30\" ><h3 class=\"widget-title\">16-04-2015_Neubau Agentur f\u00fcr Arbeit Dresden<\/h3><div class=\"textwidget\"><p style=\"text-align: justify;\">Der zuk\u00fcnftige Haupteingang der Agentur f\u00fcr Arbeit Dresden.<\/p>\n<\/div><\/div><\/div><div id=\"pgc-65-14-1\"  class=\"panel-grid-cell\" ><div id=\"panel-65-14-1-0\" class=\"so-panel widget widget_sow-image panel-first-child panel-last-child\" data-index=\"31\" ><div\n\t\t\t\n\t\t\tclass=\"so-widget-sow-image so-widget-sow-image-default-8b5b6f678277-65\"\n\t\t\t\n\t\t>\n<div class=\"sow-image-container\">\n\t\t<img \n\tsrc=\"https:\/\/impluspro.de\/wp-content\/uploads\/2015\/04\/3852-300x225.jpg\" width=\"300\" height=\"225\" srcset=\"https:\/\/impluspro.de\/wp-content\/uploads\/2015\/04\/3852-300x225.jpg 300w, https:\/\/impluspro.de\/wp-content\/uploads\/2015\/04\/3852-1024x768.jpg 1024w, https:\/\/impluspro.de\/wp-content\/uploads\/2015\/04\/3852-135x100.jpg 135w\" sizes=\"(max-width: 300px) 100vw, 300px\" alt=\"\" \t\tclass=\"so-widget-image\"\/>\n\t<\/div>\n\n<\/div><\/div><\/div><\/div><\/div>","protected":false},"excerpt":{"rendered":"<p>Das neue Dienstleistungszentrum f\u00fcr ambulante Dienste der BARMER wurde heute feierlich er\u00f6ffnet. Der Neubau wurde bereits im Dezember 2016 fertiggestellt und an die BARMER \u00fcbergeben. Nach Einzug in die neuen R\u00e4ume wurde die Immobilie nun offiziell durch die BARMER er\u00f6ffnet.\u00a0 Lediglich 6 1\/2 Monate nach Spatenstich konnte das neue Dienstleistungszentrum mit ca. 2.900 qm Mietfl\u00e4che [&hellip;]<\/p>\n","protected":false},"author":1,"featured_media":0,"parent":0,"menu_order":2,"comment_status":"closed","ping_status":"closed","template":"","meta":{"footnotes":""},"class_list":["post-65","page","type-page","status-publish","hentry"],"_links":{"self":[{"href":"https:\/\/impluspro.de\/index.php?rest_route=\/wp\/v2\/pages\/65","targetHints":{"allow":["GET"]}}],"collection":[{"href":"https:\/\/impluspro.de\/index.php?rest_route=\/wp\/v2\/pages"}],"about":[{"href":"https:\/\/impluspro.de\/index.php?rest_route=\/wp\/v2\/types\/page"}],"author":[{"embeddable":true,"href":"https:\/\/impluspro.de\/index.php?rest_route=\/wp\/v2\/users\/1"}],"replies":[{"embeddable":true,"href":"https:\/\/impluspro.de\/index.php?rest_route=%2Fwp%2Fv2%2Fcomments&post=65"}],"version-history":[{"count":27,"href":"https:\/\/impluspro.de\/index.php?rest_route=\/wp\/v2\/pages\/65\/revisions"}],"predecessor-version":[{"id":1057,"href":"https:\/\/impluspro.de\/index.php?rest_route=\/wp\/v2\/pages\/65\/revisions\/1057"}],"wp:attachment":[{"href":"https:\/\/impluspro.de\/index.php?rest_route=%2Fwp%2Fv2%2Fmedia&parent=65"}],"curies":[{"name":"wp","href":"https:\/\/api.w.org\/{rel}","templated":true}]}}