{"id":2,"date":"2015-04-03T21:54:24","date_gmt":"2015-04-03T19:54:24","guid":{"rendered":"http:\/\/impluspro.de\/?page_id=2"},"modified":"2015-04-08T08:44:32","modified_gmt":"2015-04-08T06:44:32","slug":"beispiel-seite","status":"publish","type":"page","link":"https:\/\/impluspro.de\/?page_id=2","title":{"rendered":"\u00dcber uns"},"content":{"rendered":"<div id=\"pl-2\"  class=\"panel-layout\" ><div id=\"pg-2-0\"  class=\"panel-grid panel-no-style\" ><div id=\"pgc-2-0-0\"  class=\"panel-grid-cell\" ><div id=\"panel-2-0-0-0\" class=\"so-panel widget widget_black-studio-tinymce widget_black_studio_tinymce panel-first-child panel-last-child\" data-index=\"0\" ><div class=\"textwidget\"><p style=\"text-align: justify;\">Die IMplusPRO Immobilien und Projektentwicklungs GmbH wurde im Jahre 1994 gegr\u00fcndet und wird seither von Ihrem Gesch\u00e4ftsf\u00fchrer Herrn Roland Herbert gef\u00fchrt. Von Anfang an wird die Firma von zwei S\u00e4ulen getragen, der Projektentwicklung und der Hausverwaltung. \u00dcber die Projektentwicklung kann das vorhandene kreative Know-How der Firma genutzt werden, w\u00e4hrend die Hausverwaltung die Leistungen der Projektentwicklung inhaltlich erg\u00e4nzt, und zus\u00e4tzlich, gerade in wirtschaftlicher Hinsicht, f\u00fcr einen kontinuierlichen und nachhaltigen Cash-Flow zur Absicherung der Allgemein\u00adgesch\u00e4ftskosten der Firma sorgt.<\/p>\n<p style=\"text-align: justify;\">Als Projektentwickler hatte sich die IMplusPRO GmbH von Anfang an einer Nische zugewandt, n\u00e4mlich der Errichtung von Spezialimmobilien f\u00fcr die Bundesagentur f\u00fcr Arbeit, sp\u00e4ter kamen weitere T\u00e4tigkeitsfelder wie der Wohnungsbau hinzu. Auch in der Altstadtsanierung unter Ber\u00fccksichtigung denkmalsch\u00fctzerischer Auflagen sahen wir weitere Entwicklungsm\u00f6glichkeiten.<\/p>\n<p style=\"text-align: justify;\">Die IMplusPRO GmbH nahm an wettbewerblichen Verfahren der Bundesagentur f\u00fcr Arbeit erfolgreich teil und plante und\/oder errichtete bisher rund 30 Arbeits\u00e4mter. Entweder wurde die Projektentwicklung (Grundst\u00fcck, Baugenehmigung, langfristiger Mietvertrag) oder das fertige Objekt verkauft. Einige Arbeits\u00e4mter (beispielsweise Bad Doberan) befinden sich auch im Bestand, und gelten der IMplusPRO auch als Vorzeigeobjekte. Bei der Planung bzw. Errichtung von Arbeits\u00e4mtern bzw. sp\u00e4ter auch Jobcentern ist die IMplusPRO konsequent davon ausgegangen, sowohl f\u00fcr die Mitarbeiter der H\u00e4user als auch f\u00fcr deren Kunden solche Bedingungen zu schaffen, die sich g\u00fcnstig auf das soziale Klima der beiden Parteien auswirken; auch spielten behindertengerechter Zugang und Ausstattung der Geb\u00e4ude eine wachsende Rolle, nicht zuletzt auch hinsichtlich der Drittverwendungsf\u00e4higkeit der Immobilien (Betreutes Wohnen, Pflege, IT-betonte anders geartete B\u00fcronutzung). Entsprechend den Forderungen der Bundesagentur f\u00fcr Arbeit nach mehr Flexibilit\u00e4t hat die IMplusPRO GmbH sich auch des Bereiches Modulares Bauen angenommen und erste Objekte in Bruchsal (BW), Gardelegen (ST), Strausberg (BB), Itzehoe (SH), Neuss (NW), Wismar (MV), Eisleben (ST) und Freiberg (SN) errichtet. Weitere modulare Anlagen sind bereits in Arbeit, diese zeichnen sich durch kurze Bauzeiten und hohe Fl\u00e4cheneffizienz, aber auch niedrige Betriebskosten und \u00f6kologische Nachhaltigkeit aus.<\/p>\n<p style=\"text-align: justify;\">Ferner haben wir in der Vergangenheit auch f\u00fcr andere \u00f6ffentliche Mieter Objekte errichtet oder hergerichtet. Im Rahmen der Kreisgebietsreform f\u00fcr Mecklenburg-Vorpommern wurde von der IMplusPRO beispielsweise, zusammen mit Richter Architekten, Braunlage, ein bestehendes gro\u00dfes B\u00fcrogeb\u00e4ude am Carl-Heydemann-Ring 67 in Stralsund (ca. 4.500 m\u00b2 Mietfl\u00e4che) komplett saniert.<\/p>\n<p style=\"text-align: justify;\">Bei unseren Wohnungsbauprojekten unter anderem in Rostock, G\u00fcstrow und Waren wurde seitens der IMplusPRO GmbH beim Neubau Wert darauf gelegt, familienfreundliche, aber auch behinderten- und seniorengerechte Wohnungen zu errichten. Insbesondere in Leipzig hat die IMplusPRO GmbH auch Sanierungen bestehender H\u00e4user unter denkmalsch\u00fctzerischen Auflagen durchgef\u00fchrt. Das bisher gr\u00f6\u00dfte und anspruchsvollste Projekt (Volumen 30 Mio. \u20ac), die Bebauung des ehemaligen Rathausplatzes in Stralsund, mit dem Ziel der Schaffung von 18.461 m\u00b2 gro\u00dffl\u00e4chigen Einzelhandels, Arztpraxen und Wohnungen bei gleichzeitiger Einhaltung der strikten gestalterischen und denkmalsch\u00fctzerischen Auflagen zur Erhaltung bzw. Wiederherstellung der mittelalterlicher Stadtfassaden, wurde seitens der IMplusPRO GmbH, \u00fcber die Projektgesellschaft Quartier 17 HST GmbH &amp; Co. KG, entwickelt und an die TLG verkauft.<\/p>\n<\/div><\/div><\/div><div id=\"pgc-2-0-1\"  class=\"panel-grid-cell\" ><div id=\"panel-2-0-1-0\" class=\"so-panel widget widget_sow-image panel-first-child\" data-index=\"1\" ><div\n\t\t\t\n\t\t\tclass=\"so-widget-sow-image so-widget-sow-image-default-8b5b6f678277-2\"\n\t\t\t\n\t\t>\n<div class=\"sow-image-container\">\n\t\t<img \n\tsrc=\"https:\/\/impluspro.de\/wp-content\/uploads\/2015\/04\/Fotolia_50907667_L-300x200.jpg\" width=\"300\" height=\"200\" srcset=\"https:\/\/impluspro.de\/wp-content\/uploads\/2015\/04\/Fotolia_50907667_L-300x200.jpg 300w, https:\/\/impluspro.de\/wp-content\/uploads\/2015\/04\/Fotolia_50907667_L-1024x683.jpg 1024w, https:\/\/impluspro.de\/wp-content\/uploads\/2015\/04\/Fotolia_50907667_L-272x182.jpg 272w\" sizes=\"(max-width: 300px) 100vw, 300px\" title=\"Architectural project\" alt=\"\" \t\tclass=\"so-widget-image\"\/>\n\t<\/div>\n\n<\/div><\/div><div id=\"panel-2-0-1-1\" class=\"so-panel widget widget_sow-image\" data-index=\"2\" ><div\n\t\t\t\n\t\t\tclass=\"so-widget-sow-image so-widget-sow-image-default-8b5b6f678277-2\"\n\t\t\t\n\t\t>\n<div class=\"sow-image-container\">\n\t\t<img \n\tsrc=\"https:\/\/impluspro.de\/wp-content\/uploads\/2015\/04\/Fotolia_40005485_L-300x200.jpg\" width=\"300\" height=\"200\" srcset=\"https:\/\/impluspro.de\/wp-content\/uploads\/2015\/04\/Fotolia_40005485_L-300x200.jpg 300w, https:\/\/impluspro.de\/wp-content\/uploads\/2015\/04\/Fotolia_40005485_L-1024x683.jpg 1024w, https:\/\/impluspro.de\/wp-content\/uploads\/2015\/04\/Fotolia_40005485_L-272x182.jpg 272w\" sizes=\"(max-width: 300px) 100vw, 300px\" title=\"Wohnung  &#8211; Haus in Berlin\" alt=\"\" \t\tclass=\"so-widget-image\"\/>\n\t<\/div>\n\n<\/div><\/div><div id=\"panel-2-0-1-2\" class=\"so-panel widget widget_sow-image\" data-index=\"3\" ><div\n\t\t\t\n\t\t\tclass=\"so-widget-sow-image so-widget-sow-image-default-8b5b6f678277-2\"\n\t\t\t\n\t\t>\n<div class=\"sow-image-container\">\n\t\t<img \n\tsrc=\"https:\/\/impluspro.de\/wp-content\/uploads\/2015\/04\/Fotolia_53591346_L-300x210.jpg\" width=\"300\" height=\"210\" srcset=\"https:\/\/impluspro.de\/wp-content\/uploads\/2015\/04\/Fotolia_53591346_L-300x210.jpg 300w, https:\/\/impluspro.de\/wp-content\/uploads\/2015\/04\/Fotolia_53591346_L-1024x717.jpg 1024w, https:\/\/impluspro.de\/wp-content\/uploads\/2015\/04\/Fotolia_53591346_L-350x245.jpg 350w\" sizes=\"(max-width: 300px) 100vw, 300px\" title=\"The dream house 32\" alt=\"\" \t\tclass=\"so-widget-image\"\/>\n\t<\/div>\n\n<\/div><\/div><div id=\"panel-2-0-1-3\" class=\"so-panel widget widget_sow-image\" data-index=\"4\" ><div\n\t\t\t\n\t\t\tclass=\"so-widget-sow-image so-widget-sow-image-default-8b5b6f678277-2\"\n\t\t\t\n\t\t>\n<div class=\"sow-image-container\">\n\t\t<img \n\tsrc=\"https:\/\/impluspro.de\/wp-content\/uploads\/2015\/04\/Fotolia_42652337_L-300x200.jpg\" width=\"300\" height=\"200\" srcset=\"https:\/\/impluspro.de\/wp-content\/uploads\/2015\/04\/Fotolia_42652337_L-300x200.jpg 300w, https:\/\/impluspro.de\/wp-content\/uploads\/2015\/04\/Fotolia_42652337_L-1024x683.jpg 1024w, https:\/\/impluspro.de\/wp-content\/uploads\/2015\/04\/Fotolia_42652337_L-272x182.jpg 272w\" sizes=\"(max-width: 300px) 100vw, 300px\" title=\"New white townhouse\" alt=\"\" \t\tclass=\"so-widget-image\"\/>\n\t<\/div>\n\n<\/div><\/div><div id=\"panel-2-0-1-4\" class=\"so-panel widget widget_sow-image panel-last-child\" data-index=\"5\" ><div\n\t\t\t\n\t\t\tclass=\"so-widget-sow-image so-widget-sow-image-default-8b5b6f678277-2\"\n\t\t\t\n\t\t>\n<div class=\"sow-image-container\">\n\t\t<img \n\tsrc=\"https:\/\/impluspro.de\/wp-content\/uploads\/2015\/04\/Fotolia_44201802_L-300x200.jpg\" width=\"300\" height=\"200\" srcset=\"https:\/\/impluspro.de\/wp-content\/uploads\/2015\/04\/Fotolia_44201802_L-300x200.jpg 300w, https:\/\/impluspro.de\/wp-content\/uploads\/2015\/04\/Fotolia_44201802_L-1024x683.jpg 1024w, https:\/\/impluspro.de\/wp-content\/uploads\/2015\/04\/Fotolia_44201802_L-272x182.jpg 272w\" sizes=\"(max-width: 300px) 100vw, 300px\" title=\"Modern house in Berlin\" alt=\"\" \t\tclass=\"so-widget-image\"\/>\n\t<\/div>\n\n<\/div><\/div><\/div><\/div><\/div>","protected":false},"excerpt":{"rendered":"<p>Die IMplusPRO Immobilien und Projektentwicklungs GmbH wurde im Jahre 1994 gegr\u00fcndet und wird seither von Ihrem Gesch\u00e4ftsf\u00fchrer Herrn Roland Herbert gef\u00fchrt. Von Anfang an wird die Firma von zwei S\u00e4ulen getragen, der Projektentwicklung und der Hausverwaltung. \u00dcber die Projektentwicklung kann das vorhandene kreative Know-How der Firma genutzt werden, w\u00e4hrend die Hausverwaltung die Leistungen der Projektentwicklung [&hellip;]<\/p>\n","protected":false},"author":1,"featured_media":0,"parent":0,"menu_order":1,"comment_status":"closed","ping_status":"closed","template":"","meta":{"footnotes":""},"class_list":["post-2","page","type-page","status-publish","hentry"],"_links":{"self":[{"href":"https:\/\/impluspro.de\/index.php?rest_route=\/wp\/v2\/pages\/2","targetHints":{"allow":["GET"]}}],"collection":[{"href":"https:\/\/impluspro.de\/index.php?rest_route=\/wp\/v2\/pages"}],"about":[{"href":"https:\/\/impluspro.de\/index.php?rest_route=\/wp\/v2\/types\/page"}],"author":[{"embeddable":true,"href":"https:\/\/impluspro.de\/index.php?rest_route=\/wp\/v2\/users\/1"}],"replies":[{"embeddable":true,"href":"https:\/\/impluspro.de\/index.php?rest_route=%2Fwp%2Fv2%2Fcomments&post=2"}],"version-history":[{"count":9,"href":"https:\/\/impluspro.de\/index.php?rest_route=\/wp\/v2\/pages\/2\/revisions"}],"predecessor-version":[{"id":534,"href":"https:\/\/impluspro.de\/index.php?rest_route=\/wp\/v2\/pages\/2\/revisions\/534"}],"wp:attachment":[{"href":"https:\/\/impluspro.de\/index.php?rest_route=%2Fwp%2Fv2%2Fmedia&parent=2"}],"curies":[{"name":"wp","href":"https:\/\/api.w.org\/{rel}","templated":true}]}}